{"id":3960,"date":"2026-04-03T15:35:39","date_gmt":"2026-04-03T13:35:39","guid":{"rendered":"https:\/\/www.hpanorama.it\/san-martino-di-castrozza-im-sommer\/"},"modified":"2026-04-23T15:38:43","modified_gmt":"2026-04-23T13:38:43","slug":"san-martino-castrozza-sommer","status":"publish","type":"page","link":"https:\/\/www.hpanorama.it\/de\/san-martino-castrozza-sommer\/","title":{"rendered":"San Martino di Castrozza im Sommer"},"content":{"rendered":"\t\t<div data-elementor-type=\"wp-page\" data-elementor-id=\"3960\" class=\"elementor elementor-3960 elementor-3079\" data-elementor-post-type=\"page\">\n\t\t\t\t<div class=\"elementor-element elementor-element-a3ecf3a e-con-full slidertop e-flex e-con e-parent\" data-id=\"a3ecf3a\" data-element_type=\"container\" data-e-type=\"container\">\n\t\t\t\t<div class=\"elementor-element elementor-element-4cf8b02 elementor-absolute elementor-invisible elementor-widget elementor-widget-image\" data-id=\"4cf8b02\" data-element_type=\"widget\" data-e-type=\"widget\" data-settings=\"{&quot;_position&quot;:&quot;absolute&quot;,&quot;motion_fx_motion_fx_scrolling&quot;:&quot;yes&quot;,&quot;motion_fx_translateY_effect&quot;:&quot;yes&quot;,&quot;motion_fx_translateY_direction&quot;:&quot;negative&quot;,&quot;motion_fx_translateY_speed&quot;:{&quot;unit&quot;:&quot;px&quot;,&quot;size&quot;:2,&quot;sizes&quot;:[]},&quot;motion_fx_devices&quot;:[&quot;desktop&quot;,&quot;laptop&quot;,&quot;tablet_extra&quot;],&quot;_animation&quot;:&quot;fadeIn&quot;,&quot;motion_fx_translateY_affectedRange&quot;:{&quot;unit&quot;:&quot;%&quot;,&quot;size&quot;:&quot;&quot;,&quot;sizes&quot;:{&quot;start&quot;:0,&quot;end&quot;:100}}}\" data-widget_type=\"image.default\">\n\t\t\t\t<div class=\"elementor-widget-container\">\n\t\t\t\t\t\t\t\t\t\t\t\t\t\t\t<img decoding=\"async\" src=\"https:\/\/www.hpanorama.it\/wp-content\/uploads\/2026\/02\/deco04-hpanorama.svg\" title=\"\" alt=\"\" loading=\"lazy\" \/>\t\t\t\t\t\t\t\t\t\t\t\t\t\t\t<\/div>\n\t\t\t\t<\/div>\n\t\t\t\t<div class=\"elementor-element elementor-element-cb26e85 elementor-widget__width-inherit elementor--h-position-center elementor--v-position-middle elementor-arrows-position-inside elementor-widget elementor-widget-slides\" data-id=\"cb26e85\" data-element_type=\"widget\" data-e-type=\"widget\" data-settings=\"{&quot;navigation&quot;:&quot;arrows&quot;,&quot;autoplay_speed&quot;:4000,&quot;transition_speed&quot;:800,&quot;autoplay&quot;:&quot;yes&quot;,&quot;pause_on_hover&quot;:&quot;yes&quot;,&quot;pause_on_interaction&quot;:&quot;yes&quot;,&quot;infinite&quot;:&quot;yes&quot;,&quot;transition&quot;:&quot;slide&quot;}\" data-widget_type=\"slides.default\">\n\t\t\t\t<div class=\"elementor-widget-container\">\n\t\t\t\t\t\t\t\t\t<div class=\"elementor-swiper\">\n\t\t\t\t\t<div class=\"elementor-slides-wrapper elementor-main-swiper swiper\" role=\"region\" aria-roledescription=\"carousel\" aria-label=\"Slides\" dir=\"ltr\" data-animation=\"fadeInUp\">\n\t\t\t\t<div class=\"swiper-wrapper elementor-slides\">\n\t\t\t\t\t\t\t\t\t\t<div class=\"elementor-repeater-item-bbea943 swiper-slide\" role=\"group\" aria-roledescription=\"slide\"><div class=\"swiper-slide-bg\" role=\"img\" aria-label=\"Panorama delle Dolomiti con montagne, prati verdi e cielo blu.\"><\/div><div class=\"swiper-slide-inner\" ><div class=\"swiper-slide-contents\"><\/div><\/div><\/div>\t\t\t\t<\/div>\n\t\t\t\t\t\t\t<\/div>\n\t\t\t\t<\/div>\n\t\t\t\t\t\t\t\t<\/div>\n\t\t\t\t<\/div>\n\t\t<div class=\"elementor-element elementor-element-36ceba2 e-flex e-con-boxed e-con e-child\" data-id=\"36ceba2\" data-element_type=\"container\" data-e-type=\"container\" data-settings=\"{&quot;background_background&quot;:&quot;gradient&quot;,&quot;position&quot;:&quot;absolute&quot;}\">\n\t\t\t\t\t<div class=\"e-con-inner\">\n\t\t\t\t<div class=\"elementor-element elementor-element-0161e96 elementor-widget elementor-widget-heading\" data-id=\"0161e96\" data-element_type=\"widget\" data-e-type=\"widget\" data-widget_type=\"heading.default\">\n\t\t\t\t<div class=\"elementor-widget-container\">\n\t\t\t\t\t<h1 class=\"elementor-heading-title elementor-size-default\">San Martino di Castrozza im Sommer<\/h1>\t\t\t\t<\/div>\n\t\t\t\t<\/div>\n\t\t\t\t<div class=\"elementor-element elementor-element-760a04a elementor-widget elementor-widget-heading\" data-id=\"760a04a\" data-element_type=\"widget\" data-e-type=\"widget\" data-widget_type=\"heading.default\">\n\t\t\t\t<div class=\"elementor-widget-container\">\n\t\t\t\t\t<h2 class=\"elementor-heading-title elementor-size-default\">Die Dolomiten zu Fu\u00df, \u201eSchritt\u201c f\u00fcr \u201eSchritt\u201c<\/h2>\t\t\t\t<\/div>\n\t\t\t\t<\/div>\n\t\t\t\t\t<\/div>\n\t\t\t\t<\/div>\n\t\t\t\t<\/div>\n\t\t<div class=\"elementor-element elementor-element-0d24c3b e-flex e-con-boxed e-con e-parent\" data-id=\"0d24c3b\" data-element_type=\"container\" data-e-type=\"container\" data-settings=\"{&quot;background_background&quot;:&quot;classic&quot;}\">\n\t\t\t\t\t<div class=\"e-con-inner\">\n\t\t<div class=\"elementor-element elementor-element-0af841c e-con-full bu e-flex e-con e-child\" data-id=\"0af841c\" data-element_type=\"container\" data-e-type=\"container\">\n\t\t\t\t<div class=\"elementor-element elementor-element-e7d236c elementor-widget elementor-widget-text-editor\" data-id=\"e7d236c\" data-element_type=\"widget\" data-e-type=\"widget\" data-widget_type=\"text-editor.default\">\n\t\t\t\t<div class=\"elementor-widget-container\">\n\t\t\t\t\t\t\t\t\t<p>Im Sommer schl\u00e4gt San Martino di Castrozza einen anderen Takt an: Die Luft wird leichter, die <strong>Wanderwege<\/strong> schl\u00e4ngeln sich durch <strong>W\u00e4lder und Weiden<\/strong>, und die Pale di San Martino bilden die perfekte Kulisse f\u00fcr einen Urlaub voller Natur, Stille und Staunen.<\/p>\n<p>Hier findest du einige Ideen, wie du die Gegend erleben kannst \u2026 so wie wir sie erleben.<\/p>\n\t\t\t\t\t\t\t\t<\/div>\n\t\t\t\t<\/div>\n\t\t\t\t<\/div>\n\t\t\t\t<div class=\"elementor-element elementor-element-f3091b2 elementor-absolute elementor-widget elementor-widget-image\" data-id=\"f3091b2\" data-element_type=\"widget\" data-e-type=\"widget\" data-settings=\"{&quot;_position&quot;:&quot;absolute&quot;,&quot;motion_fx_motion_fx_scrolling&quot;:&quot;yes&quot;,&quot;motion_fx_opacity_range&quot;:{&quot;unit&quot;:&quot;%&quot;,&quot;size&quot;:&quot;&quot;,&quot;sizes&quot;:{&quot;start&quot;:0,&quot;end&quot;:50}},&quot;motion_fx_opacity_effect&quot;:&quot;yes&quot;,&quot;motion_fx_translateY_effect&quot;:&quot;yes&quot;,&quot;motion_fx_translateY_direction&quot;:&quot;negative&quot;,&quot;motion_fx_translateY_speed&quot;:{&quot;unit&quot;:&quot;px&quot;,&quot;size&quot;:2,&quot;sizes&quot;:[]},&quot;motion_fx_devices&quot;:[&quot;desktop&quot;,&quot;laptop&quot;,&quot;tablet_extra&quot;],&quot;motion_fx_translateY_affectedRange&quot;:{&quot;unit&quot;:&quot;%&quot;,&quot;size&quot;:&quot;&quot;,&quot;sizes&quot;:{&quot;start&quot;:0,&quot;end&quot;:100}},&quot;motion_fx_opacity_direction&quot;:&quot;out-in&quot;,&quot;motion_fx_opacity_level&quot;:{&quot;unit&quot;:&quot;px&quot;,&quot;size&quot;:10,&quot;sizes&quot;:[]}}\" data-widget_type=\"image.default\">\n\t\t\t\t<div class=\"elementor-widget-container\">\n\t\t\t\t\t\t\t\t\t\t\t\t\t\t\t<img fetchpriority=\"high\" decoding=\"async\" width=\"1600\" height=\"1067\" src=\"https:\/\/www.hpanorama.it\/wp-content\/uploads\/2026\/03\/panorami23-hpanorama.webp\" class=\"attachment-full size-full wp-image-4321\" alt=\"Foresta di pini illuminata dal sole alle pendici di una montagna rocciosa.\" srcset=\"https:\/\/www.hpanorama.it\/wp-content\/uploads\/2026\/03\/panorami23-hpanorama.webp 1600w, https:\/\/www.hpanorama.it\/wp-content\/uploads\/2026\/03\/panorami23-hpanorama-300x200.webp 300w, https:\/\/www.hpanorama.it\/wp-content\/uploads\/2026\/03\/panorami23-hpanorama-1024x683.webp 1024w, https:\/\/www.hpanorama.it\/wp-content\/uploads\/2026\/03\/panorami23-hpanorama-768x512.webp 768w, https:\/\/www.hpanorama.it\/wp-content\/uploads\/2026\/03\/panorami23-hpanorama-1536x1024.webp 1536w\" sizes=\"(max-width: 1600px) 100vw, 1600px\" \/>\t\t\t\t\t\t\t\t\t\t\t\t\t\t\t<\/div>\n\t\t\t\t<\/div>\n\t\t\t\t\t<\/div>\n\t\t\t\t<\/div>\n\t\t<div class=\"elementor-element elementor-element-a634bdd e-flex e-con-boxed e-con e-parent\" data-id=\"a634bdd\" data-element_type=\"container\" data-e-type=\"container\" data-settings=\"{&quot;background_background&quot;:&quot;classic&quot;}\">\n\t\t\t\t\t<div class=\"e-con-inner\">\n\t\t<div class=\"elementor-element elementor-element-b231458 e-con-full bu e-flex e-con e-child\" data-id=\"b231458\" data-element_type=\"container\" data-e-type=\"container\">\n\t\t\t\t<div class=\"elementor-element elementor-element-1fa93eb elementor-widget elementor-widget-heading\" data-id=\"1fa93eb\" data-element_type=\"widget\" data-e-type=\"widget\" data-widget_type=\"heading.default\">\n\t\t\t\t<div class=\"elementor-widget-container\">\n\t\t\t\t\t<h2 class=\"elementor-heading-title elementor-size-default\">Hochebene der Pale<\/h2>\t\t\t\t<\/div>\n\t\t\t\t<\/div>\n\t\t\t\t<div class=\"elementor-element elementor-element-9d1a39d elementor-widget elementor-widget-heading\" data-id=\"9d1a39d\" data-element_type=\"widget\" data-e-type=\"widget\" data-widget_type=\"heading.default\">\n\t\t\t\t<div class=\"elementor-widget-container\">\n\t\t\t\t\t<div class=\"elementor-heading-title elementor-size-default\">Das Wunder in den H\u00f6hen<\/div>\t\t\t\t<\/div>\n\t\t\t\t<\/div>\n\t\t\t\t<div class=\"elementor-element elementor-element-92a5d87 elementor-widget elementor-widget-text-editor\" data-id=\"92a5d87\" data-element_type=\"widget\" data-e-type=\"widget\" data-widget_type=\"text-editor.default\">\n\t\t\t\t<div class=\"elementor-widget-container\">\n\t\t\t\t\t\t\t\t\t<p>Die <strong>Hochebene der Pale di San Martino<\/strong> ist eine weitl\u00e4ufige Dolomitenlandschaft, die an eine Mondlandschaft erinnert und Dino Buzzati zu seinem Werk <strong><em>Die W\u00fcste der Tartaren<\/em><\/strong> inspirierte. <\/p>\n<p>Trotz ihres kargen Aussehens ist sie reich an <strong>alpiner Flora<\/strong> und <strong>Panoramawegen<\/strong>. Sie ist leicht mit der <strong>Colverde-Seilbahn<\/strong> und der <strong>Rosetta-Seilbahn<\/strong> zu erreichen und erm\u00f6glicht einen schnellen Aufstieg von 1200 Metern vom Zentrum von San Martino di Castrozza aus. <\/p>\n<p>Von der Hochebene aus reicht der Blick \u00fcber Gipfel wie die Marmolada, den Antelao und den Civetta und bietet ein einzigartiges Erlebnis zwischen <strong>Natur, Geologie und Bergsteigergeschichte<\/strong>. Abgerundet wird die Wanderung durch die Bergh\u00fctten, die Erfrischungen mit typischer Bergk\u00fcche anbieten.<\/p>\n\t\t\t\t\t\t\t\t<\/div>\n\t\t\t\t<\/div>\n\t\t\t\t<\/div>\n\t\t<div class=\"elementor-element elementor-element-46b40a3 e-con-full bu e-flex e-con e-child\" data-id=\"46b40a3\" data-element_type=\"container\" data-e-type=\"container\">\n\t\t\t\t<div class=\"elementor-element elementor-element-243e2f2 elementor-widget elementor-widget-heading\" data-id=\"243e2f2\" data-element_type=\"widget\" data-e-type=\"widget\" data-widget_type=\"heading.default\">\n\t\t\t\t<div class=\"elementor-widget-container\">\n\t\t\t\t\t<h2 class=\"elementor-heading-title elementor-size-default\">H\u00fctten der Pale<\/h2>\t\t\t\t<\/div>\n\t\t\t\t<\/div>\n\t\t\t\t<div class=\"elementor-element elementor-element-d3cae83 elementor-widget elementor-widget-heading\" data-id=\"d3cae83\" data-element_type=\"widget\" data-e-type=\"widget\" data-widget_type=\"heading.default\">\n\t\t\t\t<div class=\"elementor-widget-container\">\n\t\t\t\t\t<div class=\"elementor-heading-title elementor-size-default\">gehen, ankommen, atmen<\/div>\t\t\t\t<\/div>\n\t\t\t\t<\/div>\n\t\t\t\t<div class=\"elementor-element elementor-element-bcc6002 elementor-widget elementor-widget-text-editor\" data-id=\"bcc6002\" data-element_type=\"widget\" data-e-type=\"widget\" data-widget_type=\"text-editor.default\">\n\t\t\t\t<div class=\"elementor-widget-container\">\n\t\t\t\t\t\t\t\t\t<p>Bevor man sich auf die Wanderwege der Pale di San Martino begibt, empfiehlt es sich, die <strong>Bergf\u00fchrer<\/strong> zu konsultieren, die \u201eAquile\u201c von San Martino di Castrozza und Primiero, die ihren Sitz beim Fremdenverkehrsamt haben. <\/p>\n<p>Die Wege, die von den Freiwilligen des CAI und vom <strong>Naturpark Paneveggio-Pale di San Martino<\/strong> gepflegt werden, sind stets gut ausgeschildert. <\/p>\n<p>Die H\u00fctten der Gegend sind unverzichtbare Ziele f\u00fcr erfahrene Wanderer, aber mit etwas Training und in Begleitung der Bergf\u00fchrer sind sie <strong>f\u00fcr viele Wanderfreunde<\/strong> zug\u00e4nglich. <\/p>\n<p>Von San Martino aus erreicht man die Pedrotti alla Rosetta, den Velo della Madonna und den Pradidali, w\u00e4hrend der Mulaz auf den Wegen liegt, die vom Passo Rolle oder vom Val Venegia ausgehen.<\/p>\n<p>Die <strong>Treviso-H\u00fctte<\/strong> im Val Canali ist am <strong>einfachsten<\/strong> zu erreichen.<\/p>\n\t\t\t\t\t\t\t\t<\/div>\n\t\t\t\t<\/div>\n\t\t\t\t<\/div>\n\t\t<div class=\"elementor-element elementor-element-3ca998f e-con-full bu e-flex e-con e-child\" data-id=\"3ca998f\" data-element_type=\"container\" data-e-type=\"container\">\n\t\t\t\t<div class=\"elementor-element elementor-element-b45622b elementor-widget elementor-widget-heading\" data-id=\"b45622b\" data-element_type=\"widget\" data-e-type=\"widget\" data-widget_type=\"heading.default\">\n\t\t\t\t<div class=\"elementor-widget-container\">\n\t\t\t\t\t<h2 class=\"elementor-heading-title elementor-size-default\">Val Venegia <\/h2>\t\t\t\t<\/div>\n\t\t\t\t<\/div>\n\t\t\t\t<div class=\"elementor-element elementor-element-22ebb6b elementor-widget elementor-widget-heading\" data-id=\"22ebb6b\" data-element_type=\"widget\" data-e-type=\"widget\" data-widget_type=\"heading.default\">\n\t\t\t\t<div class=\"elementor-widget-container\">\n\t\t\t\t\t<div class=\"elementor-heading-title elementor-size-default\">Weiden, Stille und die Pale vor den Augen<\/div>\t\t\t\t<\/div>\n\t\t\t\t<\/div>\n\t\t\t\t<div class=\"elementor-element elementor-element-399e327 elementor-widget elementor-widget-text-editor\" data-id=\"399e327\" data-element_type=\"widget\" data-e-type=\"widget\" data-widget_type=\"text-editor.default\">\n\t\t\t\t<div class=\"elementor-widget-container\">\n\t\t\t\t\t\t\t\t\t<p>Das <strong>Val Venegia<\/strong>, das im Naturpark Paneveggio-Pale di San Martino liegt, ist ein <strong>f\u00fcr den Verkehr gesperrtes Tal<\/strong> mit Zufahrten \u00fcber den Passo Rolle und Pian dei Casoni, die auch mit Bussen und Shuttlebussen erreichbar sind. <\/p>\n<p>Ber\u00fchmt f\u00fcr seine <strong>Almweiden<\/strong>, beherbergt es K\u00fche, die Milch von h\u00f6chster Qualit\u00e4t produzieren, aus der der gesch\u00e4tzte <strong><em>Bot\u00ecro<\/em><\/strong> aus <strong>Primiero<\/strong> gewonnen wird.<\/p>\n<p>Entlang des Tals bieten zwei Almh\u00fctten Verkostungen typischer Produkte an. Ein breiter Feldweg, der auch f\u00fcr Trekking-Kinderwagen geeignet ist, f\u00fchrt durch gr\u00fcne Wiesen, am Bach Travignolo und durch malerische W\u00e4lder entlang, mit Blick auf die majest\u00e4tischen Pale di San Martino: Cimon della Pala, Vezzana und Mulaz.<\/p>\n<p>Das Val Venegia ist eine Oase der Ruhe, die ein<strong>tiefes Naturerlebnis<\/strong> in der unber\u00fchrten Natur der Dolomiten bietet. <\/p>\n\t\t\t\t\t\t\t\t<\/div>\n\t\t\t\t<\/div>\n\t\t\t\t<\/div>\n\t\t\t\t\t<\/div>\n\t\t\t\t<\/div>\n\t\t<div class=\"elementor-element elementor-element-b9ad242 e-flex e-con-boxed e-con e-parent\" data-id=\"b9ad242\" data-element_type=\"container\" data-e-type=\"container\" data-settings=\"{&quot;background_background&quot;:&quot;classic&quot;}\">\n\t\t\t\t\t<div class=\"e-con-inner\">\n\t\t<div class=\"elementor-element elementor-element-2ea7d11 e-con-full bu e-flex e-con e-child\" data-id=\"2ea7d11\" data-element_type=\"container\" data-e-type=\"container\">\n\t\t\t\t<div class=\"elementor-element elementor-element-38e985b elementor-widget elementor-widget-heading\" data-id=\"38e985b\" data-element_type=\"widget\" data-e-type=\"widget\" data-widget_type=\"heading.default\">\n\t\t\t\t<div class=\"elementor-widget-container\">\n\t\t\t\t\t<h2 class=\"elementor-heading-title elementor-size-default\">Die kleinen Seen von Colbricon<\/h2>\t\t\t\t<\/div>\n\t\t\t\t<\/div>\n\t\t\t\t<div class=\"elementor-element elementor-element-78f9622 elementor-widget elementor-widget-heading\" data-id=\"78f9622\" data-element_type=\"widget\" data-e-type=\"widget\" data-widget_type=\"heading.default\">\n\t\t\t\t<div class=\"elementor-widget-container\">\n\t\t\t\t\t<div class=\"elementor-heading-title elementor-size-default\">klares Wasser und alte Geschichten<\/div>\t\t\t\t<\/div>\n\t\t\t\t<\/div>\n\t\t\t\t<div class=\"elementor-element elementor-element-e27ee6b elementor-widget elementor-widget-text-editor\" data-id=\"e27ee6b\" data-element_type=\"widget\" data-e-type=\"widget\" data-widget_type=\"text-editor.default\">\n\t\t\t\t<div class=\"elementor-widget-container\">\n\t\t\t\t\t\t\t\t\t<p>Die Laghetti di Colbricon mit ihrem klaren, kalten Wasser liegen in einer nat\u00fcrlichen Mulde zwischen den Gipfeln Cavallazza und Colbricon, einst <strong>Schauplatz des Ersten Weltkriegs<\/strong> und heute <strong>Orte des Friedens und der Sch\u00f6nheit<\/strong>.<\/p>\n<p>Neben den Seen bietet eine kleine H\u00fctte mit Veranda den Besuchern Erfrischungen. Seit pr\u00e4historischen Zeiten frequentiert, waren sie saisonales Ziel mesolithischer J\u00e4ger aus den T\u00e4lern der Etsch und der Brenta. Ihre historische Bedeutung trat 1971 zutage, als Gianluigi Secco, genannt \u201eGiangi\u201c, einen abgesplitterten Feuerstein fand, ein Beweis f\u00fcr die fr\u00fche Anwesenheit des Menschen.<\/p>\n<p>Dieser Fund f\u00fchrte zu neuen Studien und zur Neuschreibung der Geschichte der Region. Einige Fundst\u00fccke sind in der Bar Centrale in San Martino di Castrozza ausgestellt, wo Giangi gerne von seiner Entdeckung erz\u00e4hlt.<\/p>\n\t\t\t\t\t\t\t\t<\/div>\n\t\t\t\t<\/div>\n\t\t\t\t<\/div>\n\t\t<div class=\"elementor-element elementor-element-465003b e-con-full bu e-flex e-con e-child\" data-id=\"465003b\" data-element_type=\"container\" data-e-type=\"container\">\n\t\t\t\t<div class=\"elementor-element elementor-element-6ba921d elementor-widget elementor-widget-heading\" data-id=\"6ba921d\" data-element_type=\"widget\" data-e-type=\"widget\" data-widget_type=\"heading.default\">\n\t\t\t\t<div class=\"elementor-widget-container\">\n\t\t\t\t\t<h2 class=\"elementor-heading-title elementor-size-default\">Segantini-H\u00fctte<\/h2>\t\t\t\t<\/div>\n\t\t\t\t<\/div>\n\t\t\t\t<div class=\"elementor-element elementor-element-28618e0 elementor-widget elementor-widget-heading\" data-id=\"28618e0\" data-element_type=\"widget\" data-e-type=\"widget\" data-widget_type=\"heading.default\">\n\t\t\t\t<div class=\"elementor-widget-container\">\n\t\t\t\t\t<div class=\"elementor-heading-title elementor-size-default\">die Aussicht, an der man sich nie sattsehen kann<\/div>\t\t\t\t<\/div>\n\t\t\t\t<\/div>\n\t\t\t\t<div class=\"elementor-element elementor-element-b0b21bf elementor-widget elementor-widget-text-editor\" data-id=\"b0b21bf\" data-element_type=\"widget\" data-e-type=\"widget\" data-widget_type=\"text-editor.default\">\n\t\t\t\t<div class=\"elementor-widget-container\">\n\t\t\t\t\t\t\t\t\t<p>Die Baita Segantini ist einer jener Orte, die einem im Ged\u00e4chtnis bleiben: ein <strong>nat\u00fcrlicher Aussichtspunkt<\/strong> zwischen Lagorai und Pale di San Martino, von dem aus der Cimon della Pala ganz nah erscheint.<\/p>\n<p>Sie ist mit dem Traum von Alfredo Paluselli (1936) verbunden und liegt eingebettet im Naturpark Paneveggio\u2013Pale di San Martino, einem wahren Paradies der Artenvielfalt. Wenn du Gl\u00fcck hast, kannst du bei Sonnenaufgang oder Sonnenuntergang Hirsche und Rehe beobachten.<\/p>\n\t\t\t\t\t\t\t\t<\/div>\n\t\t\t\t<\/div>\n\t\t\t\t<\/div>\n\t\t\t\t\t<\/div>\n\t\t\t\t<\/div>\n\t\t<div class=\"elementor-element elementor-element-5e8ea44 e-flex e-con-boxed e-con e-parent\" data-id=\"5e8ea44\" data-element_type=\"container\" data-e-type=\"container\" data-settings=\"{&quot;background_background&quot;:&quot;classic&quot;,&quot;shape_divider_bottom&quot;:&quot;tilt&quot;}\">\n\t\t\t\t\t<div class=\"e-con-inner\">\n\t\t\t\t<div class=\"elementor-shape elementor-shape-bottom\" aria-hidden=\"true\" data-negative=\"false\">\n\t\t\t<svg xmlns=\"http:\/\/www.w3.org\/2000\/svg\" viewBox=\"0 0 1000 100\" preserveAspectRatio=\"none\">\n\t<path class=\"elementor-shape-fill\" d=\"M0,6V0h1000v100L0,6z\"\/>\n<\/svg>\t\t<\/div>\n\t\t<div class=\"elementor-element elementor-element-378b793 e-con-full bu e-flex e-con e-child\" data-id=\"378b793\" data-element_type=\"container\" data-e-type=\"container\">\n\t\t\t\t<div class=\"elementor-element elementor-element-11ba188 elementor-widget elementor-widget-heading\" data-id=\"11ba188\" data-element_type=\"widget\" data-e-type=\"widget\" data-widget_type=\"heading.default\">\n\t\t\t\t<div class=\"elementor-widget-container\">\n\t\t\t\t\t<h2 class=\"elementor-heading-title elementor-size-default\">E-bike<\/h2>\t\t\t\t<\/div>\n\t\t\t\t<\/div>\n\t\t\t\t<div class=\"elementor-element elementor-element-7590643 elementor-widget elementor-widget-heading\" data-id=\"7590643\" data-element_type=\"widget\" data-e-type=\"widget\" data-widget_type=\"heading.default\">\n\t\t\t\t<div class=\"elementor-widget-container\">\n\t\t\t\t\t<div class=\"elementor-heading-title elementor-size-default\">absolute Freiheit, auch bergauf<\/div>\t\t\t\t<\/div>\n\t\t\t\t<\/div>\n\t\t\t\t<div class=\"elementor-element elementor-element-a5c1055 elementor-widget elementor-widget-text-editor\" data-id=\"a5c1055\" data-element_type=\"widget\" data-e-type=\"widget\" data-widget_type=\"text-editor.default\">\n\t\t\t\t<div class=\"elementor-widget-container\">\n\t\t\t\t\t\t\t\t\t<p><strong>Mit dem E-Bike zu fahren<\/strong> ist ein einzigartiges Erlebnis, vor allem in den spektakul\u00e4ren Landschaften des <strong>Primiero-Tals<\/strong>.<\/p>\n<p>Das w\u00fcrde auch der ehemalige Mountainbike-Weltmeister Massimo Debertolis best\u00e4tigen, der in dieser Gegend geboren und aufgewachsen ist, wo die <strong>Ausflugsm\u00f6glichkeiten unendlich sind<\/strong>. <\/p>\n<p>Das Angebot reicht von einfachen Routen wie dem Rundweg <strong><em>Family Green Way Primiero<\/em><\/strong> bis hin zu anspruchsvolleren Strecken, die durch W\u00e4lder und \u00fcber Feldwege am Fu\u00dfe der Pale di San Martino f\u00fchren.<\/p>\n<p>Zu den beliebtesten Zielen z\u00e4hlen die Malga Crel, die Baita Segantini, das Val Venegia, das Val Canali und Caltena. <br \/>Die Routen sind gut ausgeschildert, und unsere <strong>Roberta und Manuela k\u00f6nnen dir Karten<\/strong>, Informationen zu Partnerverleihstellen und Tipps zu den besten Routen geben.<\/p>\n<p>Dank der Liftanlagen Colverde und Tognola ist es m\u00f6glich, <strong>das Fahrrad in die H\u00f6he zu transportieren<\/strong>, um dann technisch anspruchsvollere Abfahrten in Angriff zu nehmen, die f\u00fcr Radfahrer mit etwas Erfahrung geeignet sind.<\/p>\n\t\t\t\t\t\t\t\t<\/div>\n\t\t\t\t<\/div>\n\t\t\t\t<\/div>\n\t\t<div class=\"elementor-element elementor-element-adcc5d9 e-con-full bu e-flex e-con e-child\" data-id=\"adcc5d9\" data-element_type=\"container\" data-e-type=\"container\">\n\t\t\t\t<div class=\"elementor-element elementor-element-e7ef323 elementor-widget elementor-widget-heading\" data-id=\"e7ef323\" data-element_type=\"widget\" data-e-type=\"widget\" data-widget_type=\"heading.default\">\n\t\t\t\t<div class=\"elementor-widget-container\">\n\t\t\t\t\t<h2 class=\"elementor-heading-title elementor-size-default\">Leichte Spazierg\u00e4nge und entspannte Tage<\/h2>\t\t\t\t<\/div>\n\t\t\t\t<\/div>\n\t\t\t\t<div class=\"elementor-element elementor-element-30b0f9f elementor-widget elementor-widget-heading\" data-id=\"30b0f9f\" data-element_type=\"widget\" data-e-type=\"widget\" data-widget_type=\"heading.default\">\n\t\t\t\t<div class=\"elementor-widget-container\">\n\t\t\t\t\t<div class=\"elementor-heading-title elementor-size-default\">auch f\u00fcr Familien<\/div>\t\t\t\t<\/div>\n\t\t\t\t<\/div>\n\t\t\t\t<div class=\"elementor-element elementor-element-bd888cd elementor-widget elementor-widget-text-editor\" data-id=\"bd888cd\" data-element_type=\"widget\" data-e-type=\"widget\" data-widget_type=\"text-editor.default\">\n\t\t\t\t<div class=\"elementor-widget-container\">\n\t\t\t\t\t\t\t\t\t<p>Man muss kein Bergsteiger sein, um <strong>sich in diese Berge zu verlieben<\/strong>. Manchmal reicht schon ein kurzer Spaziergang, eine gem\u00e4chlich erreichte Alm, eine Wiese, auf der man innehalten und die Wolken beobachten kann. <\/p>\n<p>Und <strong>wenn du mit Kindern unterwegs bist<\/strong>, sind die Berge noch sch\u00f6ner, wenn sie zu Spiel, Entdeckung und Freiheit werden: Wir empfehlen dir gerne die am besten geeigneten Routen mit \u201efamilienfreundlichen\u201c Zeiten und Pausen.<\/p>\n\t\t\t\t\t\t\t\t<\/div>\n\t\t\t\t<\/div>\n\t\t\t\t<\/div>\n\t\t\t\t\t<\/div>\n\t\t\t\t<\/div>\n\t\t<div class=\"elementor-element elementor-element-506868e e-flex e-con-boxed e-con e-parent\" data-id=\"506868e\" data-element_type=\"container\" data-e-type=\"container\" data-settings=\"{&quot;background_background&quot;:&quot;classic&quot;}\">\n\t\t\t\t\t<div class=\"e-con-inner\">\n\t\t\t\t<div class=\"elementor-element elementor-element-8474545 elementor-widget elementor-widget-text-editor\" data-id=\"8474545\" data-element_type=\"widget\" data-e-type=\"widget\" data-widget_type=\"text-editor.default\">\n\t\t\t\t<div class=\"elementor-widget-container\">\n\t\t\t\t\t\t\t\t\t<p>Wenn du m\u00f6chtest, helfen wir dir gerne dabei, <strong>die richtige Wanderung auszuw\u00e4hlen<\/strong>: ganz nach deiner verf\u00fcgbaren Zeit, deinem Fitnesslevel und dem, was du wirklich erleben m\u00f6chtest. <\/p>\n<p>Schreib uns auch auf <strong>WhatsApp<\/strong>: Wir empfehlen dir gerne Wanderwege, H\u00fctten und ma\u00dfgeschneiderte Ideen\u2026 und dann erwarten wir dich hier im Hotel Panorama f\u00fcr deinen <strong>Sommer in den Dolomiten<\/strong>.<\/p>\n\t\t\t\t\t\t\t\t<\/div>\n\t\t\t\t<\/div>\n\t\t\t\t<div class=\"elementor-element elementor-element-1272f3a elementor-widget elementor-widget-button\" data-id=\"1272f3a\" data-element_type=\"widget\" data-e-type=\"widget\" data-widget_type=\"button.default\">\n\t\t\t\t<div class=\"elementor-widget-container\">\n\t\t\t\t\t\t\t\t\t<div class=\"elementor-button-wrapper\">\n\t\t\t\t\t<a class=\"elementor-button elementor-button-link elementor-size-sm\" href=\"https:\/\/wa.me\/390439768667\" target=\"_blank\" rel=\"noopener\">\n\t\t\t\t\t\t<span class=\"elementor-button-content-wrapper\">\n\t\t\t\t\t\t<span class=\"elementor-button-icon\">\n\t\t\t\t<svg xmlns=\"http:\/\/www.w3.org\/2000\/svg\" viewBox=\"0 0 640 640\"><path d=\"M476.9 161.1C435 119.1 379.2 96 319.9 96C197.5 96 97.9 195.6 97.9 318C97.9 357.1 108.1 395.3 127.5 429L96 544L213.7 513.1C246.1 530.8 282.6 540.1 319.8 540.1L319.9 540.1C442.2 540.1 544 440.5 544 318.1C544 258.8 518.8 203.1 476.9 161.1zM319.9 502.7C286.7 502.7 254.2 493.8 225.9 477L219.2 473L149.4 491.3L168 423.2L163.6 416.2C145.1 386.8 135.4 352.9 135.4 318C135.4 216.3 218.2 133.5 320 133.5C369.3 133.5 415.6 152.7 450.4 187.6C485.2 222.5 506.6 268.8 506.5 318.1C506.5 419.9 421.6 502.7 319.9 502.7zM421.1 364.5C415.6 361.7 388.3 348.3 383.2 346.5C378.1 344.6 374.4 343.7 370.7 349.3C367 354.9 356.4 367.3 353.1 371.1C349.9 374.8 346.6 375.3 341.1 372.5C308.5 356.2 287.1 343.4 265.6 306.5C259.9 296.7 271.3 297.4 281.9 276.2C283.7 272.5 282.8 269.3 281.4 266.5C280 263.7 268.9 236.4 264.3 225.3C259.8 214.5 255.2 216 251.8 215.8C248.6 215.6 244.9 215.6 241.2 215.6C237.5 215.6 231.5 217 226.4 222.5C221.3 228.1 207 241.5 207 268.8C207 296.1 226.9 322.5 229.6 326.2C232.4 329.9 268.7 385.9 324.4 410C359.6 425.2 373.4 426.5 391 423.9C401.7 422.3 423.8 410.5 428.4 397.5C433 384.5 433 373.4 431.6 371.1C430.3 368.6 426.6 367.2 421.1 364.5z\"><\/path><\/svg>\t\t\t<\/span>\n\t\t\t\t\t\t\t\t\t<span class=\"elementor-button-text\">Kontaktieren Sie uns<\/span>\n\t\t\t\t\t<\/span>\n\t\t\t\t\t<\/a>\n\t\t\t\t<\/div>\n\t\t\t\t\t\t\t\t<\/div>\n\t\t\t\t<\/div>\n\t\t\t\t<div class=\"elementor-element elementor-element-217d6ef elementor-absolute elementor-widget elementor-widget-image\" data-id=\"217d6ef\" data-element_type=\"widget\" data-e-type=\"widget\" data-settings=\"{&quot;_position&quot;:&quot;absolute&quot;,&quot;motion_fx_motion_fx_scrolling&quot;:&quot;yes&quot;,&quot;motion_fx_translateY_effect&quot;:&quot;yes&quot;,&quot;motion_fx_translateY_direction&quot;:&quot;negative&quot;,&quot;motion_fx_translateY_speed&quot;:{&quot;unit&quot;:&quot;px&quot;,&quot;size&quot;:2,&quot;sizes&quot;:[]},&quot;motion_fx_devices&quot;:[&quot;desktop&quot;,&quot;laptop&quot;,&quot;tablet_extra&quot;],&quot;motion_fx_translateY_affectedRange&quot;:{&quot;unit&quot;:&quot;%&quot;,&quot;size&quot;:&quot;&quot;,&quot;sizes&quot;:{&quot;start&quot;:0,&quot;end&quot;:100}}}\" data-widget_type=\"image.default\">\n\t\t\t\t<div class=\"elementor-widget-container\">\n\t\t\t\t\t\t\t\t\t\t\t\t\t\t\t<img decoding=\"async\" src=\"https:\/\/www.hpanorama.it\/wp-content\/uploads\/2026\/02\/deco04-hpanorama.svg\" class=\"attachment-full size-full wp-image-1875\" alt=\"\" loading=\"lazy\" \/>\t\t\t\t\t\t\t\t\t\t\t\t\t\t\t<\/div>\n\t\t\t\t<\/div>\n\t\t\t\t\t<\/div>\n\t\t\t\t<\/div>\n\t\t\t\t<\/div>\n\t\t","protected":false},"excerpt":{"rendered":"<p>San Martino di Castrozza im Sommer Die Dolomiten zu Fu\u00df, \u201eSchritt\u201c f\u00fcr \u201eSchritt\u201c Im Sommer schl\u00e4gt San Martino di Castrozza einen anderen Takt an: Die Luft wird leichter, die Wanderwege schl\u00e4ngeln sich durch W\u00e4lder und Weiden, und die Pale di San Martino bilden die perfekte Kulisse f\u00fcr einen Urlaub voller Natur, Stille und Staunen. Hier [&hellip;]<\/p>\n","protected":false},"author":2,"featured_media":0,"parent":0,"menu_order":0,"comment_status":"closed","ping_status":"closed","template":"","meta":{"_acf_changed":false,"footnotes":""},"class_list":["post-3960","page","type-page","status-publish","hentry"],"acf":[],"_links":{"self":[{"href":"https:\/\/www.hpanorama.it\/de\/wp-json\/wp\/v2\/pages\/3960","targetHints":{"allow":["GET"]}}],"collection":[{"href":"https:\/\/www.hpanorama.it\/de\/wp-json\/wp\/v2\/pages"}],"about":[{"href":"https:\/\/www.hpanorama.it\/de\/wp-json\/wp\/v2\/types\/page"}],"author":[{"embeddable":true,"href":"https:\/\/www.hpanorama.it\/de\/wp-json\/wp\/v2\/users\/2"}],"replies":[{"embeddable":true,"href":"https:\/\/www.hpanorama.it\/de\/wp-json\/wp\/v2\/comments?post=3960"}],"version-history":[{"count":1,"href":"https:\/\/www.hpanorama.it\/de\/wp-json\/wp\/v2\/pages\/3960\/revisions"}],"predecessor-version":[{"id":3961,"href":"https:\/\/www.hpanorama.it\/de\/wp-json\/wp\/v2\/pages\/3960\/revisions\/3961"}],"wp:attachment":[{"href":"https:\/\/www.hpanorama.it\/de\/wp-json\/wp\/v2\/media?parent=3960"}],"curies":[{"name":"wp","href":"https:\/\/api.w.org\/{rel}","templated":true}]}}